{"id":655,"date":"2025-01-06T18:53:26","date_gmt":"2025-01-06T18:53:26","guid":{"rendered":"https:\/\/pressbooks.ccconline.org\/spanish1011\/?post_type=chapter&#038;p=655"},"modified":"2025-01-10T16:52:52","modified_gmt":"2025-01-10T16:52:52","slug":"leccion-2-el-preterito-yo","status":"publish","type":"chapter","link":"https:\/\/pressbooks.ccconline.org\/spanish1011\/chapter\/leccion-2-el-preterito-yo\/","title":{"raw":"Lecci\u00f3n 2: El pret\u00e9rito (yo)","rendered":"Lecci\u00f3n 2: El pret\u00e9rito (yo)"},"content":{"raw":"<div class=\"grid\">\r\n\t<p lang=\"es\">\u00a1Hola! Soy el profesor Torres y mi celebraci\u00f3n favorita es el D\u00eda de los Reyes Magos. El a\u00f1o pasado yo lo <strong>pas\u00e9<\/strong> con mi esposa y nuestro hijo Lorenzo, su esposo Luis y nuestros nietos. Por la tarde del 5 de enero yo <strong>compr\u00e9<\/strong> la rosca de Reyes y por la noche <strong>fui<\/strong> a ver el desfile con la familia. Despu\u00e9s de regresar a casa, <strong>ayud\u00e9<\/strong> a los ni\u00f1os a escribir sus cartas para los Reyes. El 6 de enero <strong>llev\u00e9<\/strong> a los ni\u00f1os a un centro cultural para una fiesta con una pi\u00f1ata. Despu\u00e9s a llegar a casa yo <strong>prepar\u00e9<\/strong> el chocolate caliente y <strong>serv\u00ed<\/strong> la rosca de Reyes.<\/p>\r\n\r\n\t[caption id=\"attachment_83\" align=\"aligncenter\" width=\"260\"]<img class=\"wp-image-83\" src=\"https:\/\/pressbooks.ccconline.org\/spanish1011\/wp-content\/uploads\/sites\/210\/2024\/11\/old-man.png\" alt=\"An older man with grey hair that is slightly balding and a beard.\" width=\"260\" height=\"250\" \/> <span lang=\"es\">Professor Torres<\/span>.[\/caption]\r\n\r\n<\/div>\r\n\r\n<h2 lang=\"es\">El pret\u00e9rito (yo)<\/h2>\r\n<p lang=\"en-US\">The preterite is used to discuss actions completed in the past. Notice that when conjugating of <strong lang=\"es\">-ar<\/strong> verbs in the first person (<strong lang=\"es\">yo<\/strong>), they end in <strong lang=\"es\">-\u00e9,<\/strong> and both <strong lang=\"es\">-er<\/strong> and <strong lang=\"es\">-ir<\/strong> verbs end in <strong lang=\"es\">\u00ed<\/strong>.<\/p>\r\n<div class=\"textbox textbox--examples\">\r\n\t<div class=\"textbox__content\">\r\n\t\t<table class=\"lines\" border=\"0\">\r\n\t\t\t<colgroup>\r\n\t\t\t\t<col \/>\r\n\t\t\t\t<col \/>\r\n\t\t\t<\/colgroup>\r\n\t\t\t<thead>\r\n\t\t\t\t<tr>\r\n\t\t\t\t\t<th scope=\"col\" lang=\"en-US\">Infinitive<\/th>\r\n\t\t\t\t\t<th scope=\"col\" lang=\"en-US\">Preterite<\/th>\r\n\t\t\t\t<\/tr>\r\n\t\t\t<\/thead>\r\n\t\t\t<tr>\r\n\t\t\t\t<td lang=\"es\">celebrar<\/td>\r\n\t\t\t\t<td lang=\"es\">celebr<strong>\u00e9<\/strong><\/td>\r\n\t\t\t<\/tr>\r\n\t\t\t<tr>\r\n\t\t\t\t<td lang=\"es\">beber<\/td>\r\n\t\t\t\t<td lang=\"es\">beb<strong>\u00ed<\/strong><\/td>\r\n\t\t\t<\/tr>\r\n\t\t\t<tr>\r\n\t\t\t\t<td lang=\"es\">abrir<\/td>\r\n\t\t\t\t<td lang=\"es\">abr<strong>\u00ed<\/strong><\/td>\r\n\t\t\t<\/tr>\r\n\t\t<\/table>\r\n\t<\/div>\r\n<\/div>\r\n<p lang=\"en-US\">Verbs that have stem changes in the present tense do not have stem changes in the first person (<strong lang=\"es\">yo<\/strong>) form in the preterite.<\/p>\r\n<div class=\"textbox textbox--exercises\">\r\n\t<div class=\"textbox__content\">\r\n\t\t<table class=\"lines\" border=\"0\">\r\n\t\t\t<colgroup>\r\n\t\t\t\t<col \/>\r\n\t\t\t\t<col \/>\r\n\t\t\t<\/colgroup>\r\n\t\t\t<thead>\r\n\t\t\t\t<tr>\r\n\t\t\t\t\t<th scope=\"col\" lang=\"en-US\">Infinitive<\/th>\r\n\t\t\t\t\t<th scope=\"col\" lang=\"en-US\">Preterite<\/th>\r\n\t\t\t\t<\/tr>\r\n\t\t\t<\/thead>\r\n\t\t\t<tr>\r\n\t\t\t\t<td lang=\"es\">cerrar<\/td>\r\n\t\t\t\t<td lang=\"es\">cerr<strong>\u00e9<\/strong><\/td>\r\n\t\t\t<\/tr>\r\n\t\t\t<tr>\r\n\t\t\t\t<td lang=\"es\">encender<\/td>\r\n\t\t\t\t<td lang=\"es\">encend<strong>\u00ed<\/strong><\/td>\r\n\t\t\t<\/tr>\r\n\t\t\t<tr>\r\n\t\t\t\t<td lang=\"es\">servir<\/td>\r\n\t\t\t\t<td lang=\"es\">serv<strong>\u00ed<\/strong><\/td>\r\n\t\t\t<\/tr>\r\n\t\t<\/table>\r\n\t<\/div>\r\n<\/div>\r\n<p lang=\"en-US\">Verbs that end in <strong lang=\"es\">-car, -gar<\/strong>, and <strong lang=\"es\">-zar<\/strong> have spelling changes in the first person (<strong lang=\"es\">yo<\/strong>). The spelling changes in <strong lang=\"es\">-car<\/strong> and <strong lang=\"es\">-gar<\/strong> verbs preserve the original sound of the infinitive.<\/p>\r\n<div class=\"textbox textbox--examples\">\r\n\t<div class=\"textbox__content\">\r\n\t\t<table class=\"lines\" border=\"0\">\r\n\t\t\t<colgroup>\r\n\t\t\t\t<col \/>\r\n\t\t\t\t<col \/>\r\n\t\t\t<\/colgroup>\r\n\t\t\t<thead>\r\n\t\t\t\t<tr>\r\n\t\t\t\t\t<th scope=\"col\" lang=\"en-US\">Infinitive<\/th>\r\n\t\t\t\t\t<th scope=\"col\" lang=\"en-US\">Preterite<\/th>\r\n\t\t\t\t<\/tr>\r\n\t\t\t<\/thead>\r\n\t\t\t<tr>\r\n\t\t\t\t<td lang=\"es\">tocar (qu)<\/td>\r\n\t\t\t\t<td lang=\"es\">to<strong>qu<\/strong>\u00e9<\/td>\r\n\t\t\t<\/tr>\r\n\t\t\t<tr>\r\n\t\t\t\t<td lang=\"es\">jugar (gu)<\/td>\r\n\t\t\t\t<td lang=\"es\">ju<strong>gu<\/strong>\u00e9<\/td>\r\n\t\t\t<\/tr>\r\n\t\t\t<tr>\r\n\t\t\t\t<td lang=\"es\">almorzar (c)<\/td>\r\n\t\t\t\t<td lang=\"es\">almor<strong>c<\/strong>\u00e9<\/td>\r\n\t\t\t<\/tr>\r\n\t\t<\/table>\r\n\t<\/div>\r\n<\/div>\r\n<p lang=\"en-US\">The verb <strong lang=\"es\">ir<\/strong> is irregular in the preterite. The first person (<strong lang=\"es\">yo<\/strong>) form is <strong lang=\"es\">fui<\/strong>.<\/p>","rendered":"<div class=\"grid\">\n<p lang=\"es\">\u00a1Hola! Soy el profesor Torres y mi celebraci\u00f3n favorita es el D\u00eda de los Reyes Magos. El a\u00f1o pasado yo lo <strong>pas\u00e9<\/strong> con mi esposa y nuestro hijo Lorenzo, su esposo Luis y nuestros nietos. Por la tarde del 5 de enero yo <strong>compr\u00e9<\/strong> la rosca de Reyes y por la noche <strong>fui<\/strong> a ver el desfile con la familia. Despu\u00e9s de regresar a casa, <strong>ayud\u00e9<\/strong> a los ni\u00f1os a escribir sus cartas para los Reyes. El 6 de enero <strong>llev\u00e9<\/strong> a los ni\u00f1os a un centro cultural para una fiesta con una pi\u00f1ata. Despu\u00e9s a llegar a casa yo <strong>prepar\u00e9<\/strong> el chocolate caliente y <strong>serv\u00ed<\/strong> la rosca de Reyes.<\/p>\n<figure id=\"attachment_83\" aria-describedby=\"caption-attachment-83\" style=\"width: 260px\" class=\"wp-caption aligncenter\"><img loading=\"lazy\" decoding=\"async\" class=\"wp-image-83\" src=\"https:\/\/pressbooks.ccconline.org\/spanish1011\/wp-content\/uploads\/sites\/210\/2024\/11\/old-man.png\" alt=\"An older man with grey hair that is slightly balding and a beard.\" width=\"260\" height=\"250\" srcset=\"https:\/\/pressbooks.ccconline.org\/spanish1011\/wp-content\/uploads\/sites\/210\/2024\/11\/old-man.png 178w, https:\/\/pressbooks.ccconline.org\/spanish1011\/wp-content\/uploads\/sites\/210\/2024\/11\/old-man-65x62.png 65w\" sizes=\"auto, (max-width: 260px) 100vw, 260px\" \/><figcaption id=\"caption-attachment-83\" class=\"wp-caption-text\"><span lang=\"es\">Professor Torres<\/span>.<\/figcaption><\/figure>\n<\/div>\n<h2 lang=\"es\">El pret\u00e9rito (yo)<\/h2>\n<p lang=\"en-US\">The preterite is used to discuss actions completed in the past. Notice that when conjugating of <strong lang=\"es\">-ar<\/strong> verbs in the first person (<strong lang=\"es\">yo<\/strong>), they end in <strong lang=\"es\">-\u00e9,<\/strong> and both <strong lang=\"es\">-er<\/strong> and <strong lang=\"es\">-ir<\/strong> verbs end in <strong lang=\"es\">\u00ed<\/strong>.<\/p>\n<div class=\"textbox textbox--examples\">\n<div class=\"textbox__content\">\n<table class=\"lines\">\n<colgroup>\n<col \/>\n<col \/>\n\t\t\t<\/colgroup>\n<thead>\n<tr>\n<th scope=\"col\" lang=\"en-US\">Infinitive<\/th>\n<th scope=\"col\" lang=\"en-US\">Preterite<\/th>\n<\/tr>\n<\/thead>\n<tr>\n<td lang=\"es\">celebrar<\/td>\n<td lang=\"es\">celebr<strong>\u00e9<\/strong><\/td>\n<\/tr>\n<tr>\n<td lang=\"es\">beber<\/td>\n<td lang=\"es\">beb<strong>\u00ed<\/strong><\/td>\n<\/tr>\n<tr>\n<td lang=\"es\">abrir<\/td>\n<td lang=\"es\">abr<strong>\u00ed<\/strong><\/td>\n<\/tr>\n<\/table><\/div>\n<\/div>\n<p lang=\"en-US\">Verbs that have stem changes in the present tense do not have stem changes in the first person (<strong lang=\"es\">yo<\/strong>) form in the preterite.<\/p>\n<div class=\"textbox textbox--exercises\">\n<div class=\"textbox__content\">\n<table class=\"lines\">\n<colgroup>\n<col \/>\n<col \/>\n\t\t\t<\/colgroup>\n<thead>\n<tr>\n<th scope=\"col\" lang=\"en-US\">Infinitive<\/th>\n<th scope=\"col\" lang=\"en-US\">Preterite<\/th>\n<\/tr>\n<\/thead>\n<tr>\n<td lang=\"es\">cerrar<\/td>\n<td lang=\"es\">cerr<strong>\u00e9<\/strong><\/td>\n<\/tr>\n<tr>\n<td lang=\"es\">encender<\/td>\n<td lang=\"es\">encend<strong>\u00ed<\/strong><\/td>\n<\/tr>\n<tr>\n<td lang=\"es\">servir<\/td>\n<td lang=\"es\">serv<strong>\u00ed<\/strong><\/td>\n<\/tr>\n<\/table><\/div>\n<\/div>\n<p lang=\"en-US\">Verbs that end in <strong lang=\"es\">-car, -gar<\/strong>, and <strong lang=\"es\">-zar<\/strong> have spelling changes in the first person (<strong lang=\"es\">yo<\/strong>). The spelling changes in <strong lang=\"es\">-car<\/strong> and <strong lang=\"es\">-gar<\/strong> verbs preserve the original sound of the infinitive.<\/p>\n<div class=\"textbox textbox--examples\">\n<div class=\"textbox__content\">\n<table class=\"lines\">\n<colgroup>\n<col \/>\n<col \/>\n\t\t\t<\/colgroup>\n<thead>\n<tr>\n<th scope=\"col\" lang=\"en-US\">Infinitive<\/th>\n<th scope=\"col\" lang=\"en-US\">Preterite<\/th>\n<\/tr>\n<\/thead>\n<tr>\n<td lang=\"es\">tocar (qu)<\/td>\n<td lang=\"es\">to<strong>qu<\/strong>\u00e9<\/td>\n<\/tr>\n<tr>\n<td lang=\"es\">jugar (gu)<\/td>\n<td lang=\"es\">ju<strong>gu<\/strong>\u00e9<\/td>\n<\/tr>\n<tr>\n<td lang=\"es\">almorzar (c)<\/td>\n<td lang=\"es\">almor<strong>c<\/strong>\u00e9<\/td>\n<\/tr>\n<\/table><\/div>\n<\/div>\n<p lang=\"en-US\">The verb <strong lang=\"es\">ir<\/strong> is irregular in the preterite. The first person (<strong lang=\"es\">yo<\/strong>) form is <strong lang=\"es\">fui<\/strong>.<\/p>\n","protected":false},"author":33,"menu_order":2,"template":"","meta":{"pb_show_title":"on","pb_short_title":"","pb_subtitle":"","pb_authors":[],"pb_section_license":""},"chapter-type":[48],"contributor":[],"license":[],"class_list":["post-655","chapter","type-chapter","status-publish","hentry","chapter-type-numberless"],"part":651,"_links":{"self":[{"href":"https:\/\/pressbooks.ccconline.org\/spanish1011\/wp-json\/pressbooks\/v2\/chapters\/655","targetHints":{"allow":["GET"]}}],"collection":[{"href":"https:\/\/pressbooks.ccconline.org\/spanish1011\/wp-json\/pressbooks\/v2\/chapters"}],"about":[{"href":"https:\/\/pressbooks.ccconline.org\/spanish1011\/wp-json\/wp\/v2\/types\/chapter"}],"author":[{"embeddable":true,"href":"https:\/\/pressbooks.ccconline.org\/spanish1011\/wp-json\/wp\/v2\/users\/33"}],"version-history":[{"count":5,"href":"https:\/\/pressbooks.ccconline.org\/spanish1011\/wp-json\/pressbooks\/v2\/chapters\/655\/revisions"}],"predecessor-version":[{"id":957,"href":"https:\/\/pressbooks.ccconline.org\/spanish1011\/wp-json\/pressbooks\/v2\/chapters\/655\/revisions\/957"}],"part":[{"href":"https:\/\/pressbooks.ccconline.org\/spanish1011\/wp-json\/pressbooks\/v2\/parts\/651"}],"metadata":[{"href":"https:\/\/pressbooks.ccconline.org\/spanish1011\/wp-json\/pressbooks\/v2\/chapters\/655\/metadata\/"}],"wp:attachment":[{"href":"https:\/\/pressbooks.ccconline.org\/spanish1011\/wp-json\/wp\/v2\/media?parent=655"}],"wp:term":[{"taxonomy":"chapter-type","embeddable":true,"href":"https:\/\/pressbooks.ccconline.org\/spanish1011\/wp-json\/pressbooks\/v2\/chapter-type?post=655"},{"taxonomy":"contributor","embeddable":true,"href":"https:\/\/pressbooks.ccconline.org\/spanish1011\/wp-json\/wp\/v2\/contributor?post=655"},{"taxonomy":"license","embeddable":true,"href":"https:\/\/pressbooks.ccconline.org\/spanish1011\/wp-json\/wp\/v2\/license?post=655"}],"curies":[{"name":"wp","href":"https:\/\/api.w.org\/{rel}","templated":true}]}}